{"id":5515,"date":"2018-12-01T09:21:40","date_gmt":"2018-12-01T08:21:40","guid":{"rendered":"https:\/\/bam.sk\/pravnerady\/?page_id=5515"},"modified":"2021-04-23T15:25:48","modified_gmt":"2021-04-23T13:25:48","slug":"o-nas-v-mediach","status":"publish","type":"page","link":"https:\/\/vodiacipes.sk\/efektivna-verejna-sprava\/o-nas-v-mediach\/","title":{"rendered":"Medi\u00e1lne v\u00fdstupy"},"content":{"rendered":"\n<p>Na Slovensku sa kvalita vodiacich psov neoveruje (Nov\u00fd \u017eivot, \u010d.11, okt\u00f3ber 2018), form\u00e1t DOCX, 65kB<br><a href=\"http:\/\/bam.sk\/pravnerady\/wp-content\/uploads\/2019\/01\/na-slovensku-sa-kvalita-vodiacich-psov-neoveruje.pdf\">Na Slovensku sa kvalita vodiacich psov neoveruje <br> (Nov\u00fd \u017eivot, \u010d.11, okt\u00f3ber 2018) , form\u00e1t PDF, 566kB<\/a><\/p>\n\n\n\n<p>Rozhovor &#8211; KAMAR\u00c1T MU NA HOR\u00c1CH NAHR\u00c1DZAL O\u010cI (Nov\u00fd \u010das, 26.02.2019, Form\u00e1t PDF, 960 KB)<br \/><a href=\"http:\/\/vodiacipes.sk\/2_Novy%20cas%20februar.pdf\">KAMAR\u00c1T MU NA HOR\u00c1CH NAHR\u00c1DZAL O\u010cI (Nov\u00fd \u010das, 26.02.2019, Form\u00e1t PDF, 960 KB)<\/a><\/p>\n\n\n\n<p><a href=\"http:\/\/vodiacipes.sk\/sites\/default\/files\/7._rtvs_24_4_ziadna_legislativa_neruci_za_kvalitu_vp.mp3\">\u017diadna legislat\u00edva neru\u010d\u00ed za kvalitu vodiacich psov<\/a>\u00a0(rozhovor s odbornou riadite\u013ekou V\u0160VAP Jarmilou Vir\u00e1govou, R\u00e1dio Slovensko 24.4.2019)\u00a0<\/p>\n\n\n\n<p> Bez nich s\u00fa straten\u00ed (Katol\u00edcke noviny, 21 a 28.04.2019, 42 \/ T\u00e9ma), form\u00e1t PDF, 760 KB<br><a href=\"https:\/\/vodiacipes.sk\/1_katolicke%20noviny.pdf\">Bez nich s\u00fa straten\u00ed (Katol\u00edcke noviny, 21 a 28.04.2019, 42 \/ T\u00e9ma), form\u00e1t PDF, 760 KB<\/a><br><\/p>\n\n\n\n<p><a href=\"https:\/\/www.youtube.com\/watch?v=JLdc4Oy9rts\">Vodiace psy nesm\u00fa by\u0165 vyru\u0161ovan\u00e9<\/a> (report\u00e1\u017e, Spr\u00e1vy RTVS, 13.9.2019)<\/p>\n\n\n\n<p><a href=\"http:\/\/vodiacipes.sk\/sites\/default\/files\/tema.pdf\">\u010euri, zaber!<\/a> (rozhovor s na\u0161\u00edm klientom Jurajom Pr\u00e1gerom  &#8211; dr\u017eite\u013eom vodiaceho psa, \u010dasopis T\u00e9ma, \u010d\u00edslo 12\/2019)<\/p>\n\n\n\n<p><a href=\"https:\/\/www.audiolibrix.com\/sk\/Podcast\/Listen\/254750\/host-radia-regina-25-8-2020-10-05\">Hos\u0165 R\u00e1dia Regina <\/a><br>(Rozhovor s riadite\u013ekou V\u0160VAP Jarmilou Vir\u00e1govou, R\u00e1dio Regina, 25.8.2020)<\/p>\n\n\n\n<p><br><a href=\"https:\/\/www.tvba.sk\/ba-dnes\/jarmila-viragova-ma-nadhernu-profesiu-cvici-psikov-pre-nevidiacich\/\">Jarmila Vir\u00e1gov\u00e1 m\u00e1 n\u00e1dhern\u00fa profesiu: cvi\u010d\u00ed ps\u00edkov pre nevidiacich <\/a><br>(Report\u00e1\u017e, TV Bratislava, 14.7.2020)<\/p>\n\n\n\n<p><a href=\"https:\/\/vodiacipes.sk\/sites\/default\/files\/screenshot_clanku_v_casopise_sanca_2.jpg\" data-type=\"URL\" data-id=\"https:\/\/vodiacipes.sk\/sites\/default\/files\/screenshot_clanku_v_casopise_sanca_2.jpg\">Vodiaci pes zmen\u00ed nevidiacemu \u010dloveku cel\u00fd \u017eivot. Pom\u00e1ha k nez\u00e1vislosti<\/a><br>(\u010casopis \u0160anca, j\u00fan 2020)<\/p>\n","protected":false},"excerpt":{"rendered":"<p>Na Slovensku sa kvalita vodiacich psov neoveruje (Nov\u00fd \u017eivot, \u010d.11, okt\u00f3ber 2018), form\u00e1t DOCX, 65kBNa Slovensku sa kvalita vodiacich psov neoveruje (Nov\u00fd \u017eivot, \u010d.11, okt\u00f3ber&#8230;<\/p>\n<div class=\"more-link-wrapper\"><a class=\"more-link\" href=\"https:\/\/vodiacipes.sk\/efektivna-verejna-sprava\/o-nas-v-mediach\/\">\u010c\u00edtajte \u010falej<span class=\"screen-reader-text\">Medi\u00e1lne v\u00fdstupy<\/span><\/a><\/div>\n","protected":false},"author":7,"featured_media":0,"parent":0,"menu_order":0,"comment_status":"closed","ping_status":"closed","template":"","meta":[],"_links":{"self":[{"href":"https:\/\/vodiacipes.sk\/efektivna-verejna-sprava\/wp-json\/wp\/v2\/pages\/5515"}],"collection":[{"href":"https:\/\/vodiacipes.sk\/efektivna-verejna-sprava\/wp-json\/wp\/v2\/pages"}],"about":[{"href":"https:\/\/vodiacipes.sk\/efektivna-verejna-sprava\/wp-json\/wp\/v2\/types\/page"}],"author":[{"embeddable":true,"href":"https:\/\/vodiacipes.sk\/efektivna-verejna-sprava\/wp-json\/wp\/v2\/users\/7"}],"replies":[{"embeddable":true,"href":"https:\/\/vodiacipes.sk\/efektivna-verejna-sprava\/wp-json\/wp\/v2\/comments?post=5515"}],"version-history":[{"count":11,"href":"https:\/\/vodiacipes.sk\/efektivna-verejna-sprava\/wp-json\/wp\/v2\/pages\/5515\/revisions"}],"predecessor-version":[{"id":5785,"href":"https:\/\/vodiacipes.sk\/efektivna-verejna-sprava\/wp-json\/wp\/v2\/pages\/5515\/revisions\/5785"}],"wp:attachment":[{"href":"https:\/\/vodiacipes.sk\/efektivna-verejna-sprava\/wp-json\/wp\/v2\/media?parent=5515"}],"curies":[{"name":"wp","href":"https:\/\/api.w.org\/{rel}","templated":true}]}}